{"id":41,"date":"2024-11-22T20:11:59","date_gmt":"2024-11-22T19:11:59","guid":{"rendered":"https:\/\/sophrologie-yoga-vannes.fr\/?page_id=41"},"modified":"2025-03-09T13:47:09","modified_gmt":"2025-03-09T12:47:09","slug":"sophrologie","status":"publish","type":"page","link":"https:\/\/sophrologie-yoga-vannes.fr\/index.php\/sophrologie\/","title":{"rendered":"Sophrologie"},"content":{"rendered":"\t\t<div data-elementor-type=\"wp-page\" data-elementor-id=\"41\" class=\"elementor elementor-41\">\n\t\t\t\t<div class=\"elementor-element elementor-element-6973a19 e-flex e-con-boxed e-con e-parent\" data-id=\"6973a19\" data-element_type=\"container\" data-settings=\"{&quot;background_background&quot;:&quot;classic&quot;}\">\n\t\t\t\t\t<div class=\"e-con-inner\">\n\t\t\t\t<div class=\"elementor-element elementor-element-0a01d1b elementor-widget elementor-widget-heading\" data-id=\"0a01d1b\" data-element_type=\"widget\" data-widget_type=\"heading.default\">\n\t\t\t\t<div class=\"elementor-widget-container\">\n\t\t\t\t\t<h1 class=\"elementor-heading-title elementor-size-default\">La sophrologie<\/h1>\t\t\t\t<\/div>\n\t\t\t\t<\/div>\n\t\t\t\t\t<\/div>\n\t\t\t\t<\/div>\n\t\t<div class=\"elementor-element elementor-element-275ef06 e-flex e-con-boxed e-con e-parent\" data-id=\"275ef06\" data-element_type=\"container\" data-settings=\"{&quot;background_background&quot;:&quot;classic&quot;}\">\n\t\t\t\t\t<div class=\"e-con-inner\">\n\t\t\t\t<div class=\"elementor-element elementor-element-a6134db elementor-widget elementor-widget-text-editor\" data-id=\"a6134db\" data-element_type=\"widget\" data-widget_type=\"text-editor.default\">\n\t\t\t\t<div class=\"elementor-widget-container\">\n\t\t\t\t\t\t\t\t\t<p>La <strong>sophrologie<\/strong> est une m\u00e9thode simple et pratique de relaxation pour se d\u00e9tendre physiquement, mieux respirer, faciliter la concentration et apaiser le mental. Elle permet de renforcer vos qualit\u00e9s et vos ressources, la confiance en vous. Avec le corps et la pens\u00e9e, elle cr\u00e9e une <strong>dynamique positive<\/strong> pour le quotidien, pour un \u00e9v\u00e8nement important, un examen, un concours sportif ou encore un projet professionnel.<\/p>\t\t\t\t\t\t\t\t<\/div>\n\t\t\t\t<\/div>\n\t\t\t\t<div class=\"elementor-element elementor-element-891e7f1 elementor-widget elementor-widget-heading\" data-id=\"891e7f1\" data-element_type=\"widget\" data-widget_type=\"heading.default\">\n\t\t\t\t<div class=\"elementor-widget-container\">\n\t\t\t\t\t<h2 class=\"elementor-heading-title elementor-size-default\">COURS COLLECTIFS<\/h2>\t\t\t\t<\/div>\n\t\t\t\t<\/div>\n\t\t\t\t\t<\/div>\n\t\t\t\t<\/div>\n\t\t<div class=\"elementor-element elementor-element-e2056b9 e-flex e-con-boxed e-con e-parent\" data-id=\"e2056b9\" data-element_type=\"container\" data-settings=\"{&quot;background_background&quot;:&quot;classic&quot;}\">\n\t\t\t\t\t<div class=\"e-con-inner\">\n\t\t<div class=\"elementor-element elementor-element-c6f83dd e-con-full e-flex e-con e-child\" data-id=\"c6f83dd\" data-element_type=\"container\">\n\t\t\t\t<div class=\"elementor-element elementor-element-3acfae4 elementor-widget elementor-widget-text-editor\" data-id=\"3acfae4\" data-element_type=\"widget\" data-widget_type=\"text-editor.default\">\n\t\t\t\t<div class=\"elementor-widget-container\">\n\t\t\t\t\t\t\t\t\t<p><span style=\"font-family: var( --e-global-typography-text-font-family ), Sans-serif; font-weight: var( --e-global-typography-text-font-weight ); text-align: var(--text-align); font-size: 1rem; background-color: #dddddd;\">T\u00e9l\u00e9phone :\u00a0<\/span><span style=\"font-family: var( --e-global-typography-text-font-family ), Sans-serif; text-align: var(--text-align); font-size: 1rem; font-weight: bold; background-color: #dddddd;\">06 72 82 37 87<\/span><\/p><ul><li>Lundi 19h45 \u00e0 21h<\/li><li>Mardi 15h00 \u00e0 16h15<\/li><li>Mercredi 18h15 \u00e0 19h30<\/li><li>Jeudi 15h00 \u00e0 16h15<\/li><\/ul><p><strong>1\u00e8re s\u00e9ance : essai gratuit<\/strong><\/p>\t\t\t\t\t\t\t\t<\/div>\n\t\t\t\t<\/div>\n\t\t\t\t<div class=\"elementor-element elementor-element-6366763 elementor-align-center elementor-widget elementor-widget-button\" data-id=\"6366763\" data-element_type=\"widget\" data-widget_type=\"button.default\">\n\t\t\t\t<div class=\"elementor-widget-container\">\n\t\t\t\t\t\t\t\t\t<div class=\"elementor-button-wrapper\">\n\t\t\t\t\t<a class=\"elementor-button elementor-button-link elementor-size-sm\" href=\"https:\/\/sophrologie-yoga-vannes.fr\/index.php\/tarifs\/\">\n\t\t\t\t\t\t<span class=\"elementor-button-content-wrapper\">\n\t\t\t\t\t\t\t\t\t<span class=\"elementor-button-text\">voir les tarifs<\/span>\n\t\t\t\t\t<\/span>\n\t\t\t\t\t<\/a>\n\t\t\t\t<\/div>\n\t\t\t\t\t\t\t\t<\/div>\n\t\t\t\t<\/div>\n\t\t\t\t<\/div>\n\t\t<div class=\"elementor-element elementor-element-5d8f0b2 e-con-full e-flex e-con e-child\" data-id=\"5d8f0b2\" data-element_type=\"container\">\n\t\t\t\t<div class=\"elementor-element elementor-element-a354085 elementor-widget elementor-widget-image\" data-id=\"a354085\" data-element_type=\"widget\" data-widget_type=\"image.default\">\n\t\t\t\t<div class=\"elementor-widget-container\">\n\t\t\t\t\t\t\t\t\t\t\t\t\t\t\t<img fetchpriority=\"high\" decoding=\"async\" width=\"1024\" height=\"683\" src=\"https:\/\/sophrologie-yoga-vannes.fr\/wp-content\/uploads\/2024\/12\/AdobeStock_974686787-1024x683.jpeg\" class=\"attachment-large size-large wp-image-229\" alt=\"\" srcset=\"https:\/\/sophrologie-yoga-vannes.fr\/wp-content\/uploads\/2024\/12\/AdobeStock_974686787-1024x683.jpeg 1024w, https:\/\/sophrologie-yoga-vannes.fr\/wp-content\/uploads\/2024\/12\/AdobeStock_974686787-300x200.jpeg 300w, https:\/\/sophrologie-yoga-vannes.fr\/wp-content\/uploads\/2024\/12\/AdobeStock_974686787-768x512.jpeg 768w, https:\/\/sophrologie-yoga-vannes.fr\/wp-content\/uploads\/2024\/12\/AdobeStock_974686787-1536x1024.jpeg 1536w, https:\/\/sophrologie-yoga-vannes.fr\/wp-content\/uploads\/2024\/12\/AdobeStock_974686787-2048x1365.jpeg 2048w\" sizes=\"(max-width: 1024px) 100vw, 1024px\" \/>\t\t\t\t\t\t\t\t\t\t\t\t\t\t\t<\/div>\n\t\t\t\t<\/div>\n\t\t\t\t<\/div>\n\t\t\t\t\t<\/div>\n\t\t\t\t<\/div>\n\t\t<div class=\"elementor-element elementor-element-4832222 e-flex e-con-boxed e-con e-parent\" data-id=\"4832222\" data-element_type=\"container\" data-settings=\"{&quot;background_background&quot;:&quot;classic&quot;}\">\n\t\t\t\t\t<div class=\"e-con-inner\">\n\t\t\t\t<div class=\"elementor-element elementor-element-0318587 elementor-widget elementor-widget-heading\" data-id=\"0318587\" data-element_type=\"widget\" data-widget_type=\"heading.default\">\n\t\t\t\t<div class=\"elementor-widget-container\">\n\t\t\t\t\t<h2 class=\"elementor-heading-title elementor-size-default\">METHODOLOGIE<\/h2>\t\t\t\t<\/div>\n\t\t\t\t<\/div>\n\t\t\t\t\t<\/div>\n\t\t\t\t<\/div>\n\t\t<div class=\"elementor-element elementor-element-911ef5d e-flex e-con-boxed e-con e-parent\" data-id=\"911ef5d\" data-element_type=\"container\" data-settings=\"{&quot;background_background&quot;:&quot;classic&quot;}\">\n\t\t\t\t\t<div class=\"e-con-inner\">\n\t\t<div class=\"elementor-element elementor-element-59cc6f1 e-con-full e-flex e-con e-child\" data-id=\"59cc6f1\" data-element_type=\"container\">\n\t\t\t\t<div class=\"elementor-element elementor-element-eada367 elementor-widget elementor-widget-text-editor\" data-id=\"eada367\" data-element_type=\"widget\" data-widget_type=\"text-editor.default\">\n\t\t\t\t<div class=\"elementor-widget-container\">\n\t\t\t\t\t\t\t\t\t<p>Les exercices de<strong>\u00a0relaxation dynamique<\/strong>, faciles \u00e0 reproduire, mettent la pens\u00e9e en relation avec le corps et permettent d&#8217;entrer dans la d\u00e9tente.<\/p><p>Les<strong>\u00a0relaxations statiques<\/strong>\u00a0en position assise ou allong\u00e9e nous font exp\u00e9rimenter l&#8217;\u00e9tat de relaxation, entre veille et sommeil. L\u00e0 o\u00f9 notre cerveau est particuli\u00e8rement r\u00e9ceptif : les sensations corporelles agr\u00e9ables et les images positives de soi sont alors int\u00e9gr\u00e9es<\/p>\t\t\t\t\t\t\t\t<\/div>\n\t\t\t\t<\/div>\n\t\t\t\t<\/div>\n\t\t<div class=\"elementor-element elementor-element-cffdcc0 e-con-full e-flex e-con e-child\" data-id=\"cffdcc0\" data-element_type=\"container\">\n\t\t\t\t<div class=\"elementor-element elementor-element-59c1321 elementor-widget elementor-widget-image\" data-id=\"59c1321\" data-element_type=\"widget\" data-widget_type=\"image.default\">\n\t\t\t\t<div class=\"elementor-widget-container\">\n\t\t\t\t\t\t\t\t\t\t\t\t\t\t\t<img decoding=\"async\" width=\"1024\" height=\"683\" src=\"https:\/\/sophrologie-yoga-vannes.fr\/wp-content\/uploads\/2024\/12\/AdobeStock_370532766-1024x683.jpeg\" class=\"attachment-large size-large wp-image-230\" alt=\"lever de soleil\" srcset=\"https:\/\/sophrologie-yoga-vannes.fr\/wp-content\/uploads\/2024\/12\/AdobeStock_370532766-1024x683.jpeg 1024w, https:\/\/sophrologie-yoga-vannes.fr\/wp-content\/uploads\/2024\/12\/AdobeStock_370532766-300x200.jpeg 300w, https:\/\/sophrologie-yoga-vannes.fr\/wp-content\/uploads\/2024\/12\/AdobeStock_370532766-768x513.jpeg 768w, https:\/\/sophrologie-yoga-vannes.fr\/wp-content\/uploads\/2024\/12\/AdobeStock_370532766-1536x1025.jpeg 1536w, https:\/\/sophrologie-yoga-vannes.fr\/wp-content\/uploads\/2024\/12\/AdobeStock_370532766-2048x1367.jpeg 2048w\" sizes=\"(max-width: 1024px) 100vw, 1024px\" \/>\t\t\t\t\t\t\t\t\t\t\t\t\t\t\t<\/div>\n\t\t\t\t<\/div>\n\t\t\t\t<\/div>\n\t\t\t\t\t<\/div>\n\t\t\t\t<\/div>\n\t\t<div class=\"elementor-element elementor-element-87cda8d e-flex e-con-boxed e-con e-parent\" data-id=\"87cda8d\" data-element_type=\"container\" data-settings=\"{&quot;background_background&quot;:&quot;classic&quot;}\">\n\t\t\t\t\t<div class=\"e-con-inner\">\n\t\t\t\t<div class=\"elementor-element elementor-element-0213704 elementor-widget elementor-widget-heading\" data-id=\"0213704\" data-element_type=\"widget\" data-widget_type=\"heading.default\">\n\t\t\t\t<div class=\"elementor-widget-container\">\n\t\t\t\t\t<h2 class=\"elementor-heading-title elementor-size-default\">BENEFICES<\/h2>\t\t\t\t<\/div>\n\t\t\t\t<\/div>\n\t\t\t\t\t<\/div>\n\t\t\t\t<\/div>\n\t\t<div class=\"elementor-element elementor-element-64a4689 e-flex e-con-boxed e-con e-parent\" data-id=\"64a4689\" data-element_type=\"container\" data-settings=\"{&quot;background_background&quot;:&quot;classic&quot;}\">\n\t\t\t\t\t<div class=\"e-con-inner\">\n\t\t<div class=\"elementor-element elementor-element-6d15121 e-con-full e-flex e-con e-child\" data-id=\"6d15121\" data-element_type=\"container\">\n\t\t\t\t<div class=\"elementor-element elementor-element-cd8bd2c elementor-widget elementor-widget-image\" data-id=\"cd8bd2c\" data-element_type=\"widget\" data-widget_type=\"image.default\">\n\t\t\t\t<div class=\"elementor-widget-container\">\n\t\t\t\t\t\t\t\t\t\t\t\t\t\t\t<img decoding=\"async\" width=\"1024\" height=\"577\" src=\"https:\/\/sophrologie-yoga-vannes.fr\/wp-content\/uploads\/2025\/03\/AdobeStock_943072302-1-1024x577.jpg\" class=\"attachment-large size-large wp-image-475\" alt=\"\" srcset=\"https:\/\/sophrologie-yoga-vannes.fr\/wp-content\/uploads\/2025\/03\/AdobeStock_943072302-1-1024x577.jpg 1024w, https:\/\/sophrologie-yoga-vannes.fr\/wp-content\/uploads\/2025\/03\/AdobeStock_943072302-1-300x169.jpg 300w, https:\/\/sophrologie-yoga-vannes.fr\/wp-content\/uploads\/2025\/03\/AdobeStock_943072302-1-768x433.jpg 768w, https:\/\/sophrologie-yoga-vannes.fr\/wp-content\/uploads\/2025\/03\/AdobeStock_943072302-1.jpg 1177w\" sizes=\"(max-width: 1024px) 100vw, 1024px\" \/>\t\t\t\t\t\t\t\t\t\t\t\t\t\t\t<\/div>\n\t\t\t\t<\/div>\n\t\t\t\t<\/div>\n\t\t<div class=\"elementor-element elementor-element-77f7a8f e-con-full e-flex e-con e-child\" data-id=\"77f7a8f\" data-element_type=\"container\">\n\t\t\t\t<div class=\"elementor-element elementor-element-8a8b9c0 elementor-widget elementor-widget-text-editor\" data-id=\"8a8b9c0\" data-element_type=\"widget\" data-widget_type=\"text-editor.default\">\n\t\t\t\t<div class=\"elementor-widget-container\">\n\t\t\t\t\t\t\t\t\t<p style=\"font-size: 18px; font-style: normal; font-weight: 400; color: #070707;\">Avec la pratique, cet \u00e9tat de relaxation v\u00e9cu et int\u00e9gr\u00e9 va apporter une \u00e9quilibration du syst\u00e8me nerveux, moins de tensions musculaires, une oxyg\u00e9nation du cerveau.<\/p><p style=\"font-size: 18px; font-style: normal; font-weight: 400; color: #070707;\">Selon le principe d&#8217;action positive, ce bien-\u00eatre corporel aura des r\u00e9percussions positives sur notre pens\u00e9e, nos \u00e9motions. L&#8217;estime de soi pourra grandir, ainsi que la confiance et une capacit\u00e9 de recul sur les \u00e9v\u00e8nements de notre vie. Une relation \u00e0 soi plus saine plus sereine va se d\u00e9velopper. Dans cette \u00e9tat de relaxation, quand le corps est d\u00e9tendu, le mental calme, une paix int\u00e9rieure monte en nous, venue du fond de nos cellules, elle nous r\u00e9concilie avec nous-m\u00eames. Cette harmonie entre le corps et l&#8217;esprit peut \u00eatre v\u00e9cue comme une n\u00e9cessit\u00e9 vitale.<\/p>\t\t\t\t\t\t\t\t<\/div>\n\t\t\t\t<\/div>\n\t\t\t\t<\/div>\n\t\t\t\t\t<\/div>\n\t\t\t\t<\/div>\n\t\t<div class=\"elementor-element elementor-element-e5b87a8 e-flex e-con-boxed e-con e-parent\" data-id=\"e5b87a8\" data-element_type=\"container\" data-settings=\"{&quot;background_background&quot;:&quot;classic&quot;}\">\n\t\t\t\t\t<div class=\"e-con-inner\">\n\t\t\t\t<div class=\"elementor-element elementor-element-a5bdc96 elementor-widget elementor-widget-heading\" data-id=\"a5bdc96\" data-element_type=\"widget\" data-widget_type=\"heading.default\">\n\t\t\t\t<div class=\"elementor-widget-container\">\n\t\t\t\t\t<h2 class=\"elementor-heading-title elementor-size-default\">SEANCES INDIVIDUELLES<\/h2>\t\t\t\t<\/div>\n\t\t\t\t<\/div>\n\t\t\t\t<div class=\"elementor-element elementor-element-28d8f5f elementor-widget elementor-widget-text-editor\" data-id=\"28d8f5f\" data-element_type=\"widget\" data-widget_type=\"text-editor.default\">\n\t\t\t\t<div class=\"elementor-widget-container\">\n\t\t\t\t\t\t\t\t\t<p>Dans les cas o\u00f9 une personne ne souhaite pas pratiquer en groupe, la s\u00e9ance individuelle est pr\u00e9f\u00e9rable. Le climat d&#8217;\u00e9coute bienveillante, de d\u00e9tente et de confiance permettra une expression en toute confidentialit\u00e9.<\/p>\n<p>Les pratiques propos\u00e9es r\u00e9pondront directement aux besoins : d\u00e9nouer certaines contractures musculaires, favoriser une observation de soi lucide et bienveillante, renforcer le positif sous diff\u00e9rentes formes<\/p>\n<ul>\n<li>S\u00e9ance individuelle sur rendez-vous : de 1h \u00e0 1h30 : 50 \u20ac<\/li>\n<li>Revenus non imposables, demandeurs d&#8217;emploi, \u00e9tudiants , RSA : 40 \u20ac<\/li>\n<li><strong>OFFRE D\u00c9COUVERTE :<\/strong> 3 s\u00e9ances individuelles \u00e0 40 \u20ac soi 120\u20ac au lieu de 150 \u20ac<\/li>\n<\/ul>\n<div>&nbsp;<\/div>\t\t\t\t\t\t\t\t<\/div>\n\t\t\t\t<\/div>\n\t\t\t\t<div class=\"elementor-element elementor-element-0b61032 elementor-widget elementor-widget-text-editor\" data-id=\"0b61032\" data-element_type=\"widget\" data-widget_type=\"text-editor.default\">\n\t\t\t\t<div class=\"elementor-widget-container\">\n\t\t\t\t\t\t\t\t\t<p>Un enregistrement audio sur votre portable pour les s\u00e9ances individuelles vous permettra de pratiquer chez vous.<\/p>\t\t\t\t\t\t\t\t<\/div>\n\t\t\t\t<\/div>\n\t\t\t\t\t<\/div>\n\t\t\t\t<\/div>\n\t\t\t\t<\/div>\n\t\t","protected":false},"excerpt":{"rendered":"<p>La sophrologie La sophrologie est une m\u00e9thode simple et pratique de relaxation pour se d\u00e9tendre physiquement, mieux respirer, faciliter la [&hellip;]<\/p>\n","protected":false},"author":1,"featured_media":0,"parent":0,"menu_order":0,"comment_status":"closed","ping_status":"closed","template":"","meta":{"site-sidebar-layout":"no-sidebar","site-content-layout":"","ast-site-content-layout":"full-width-container","site-content-style":"default","site-sidebar-style":"default","ast-global-header-display":"","ast-banner-title-visibility":"","ast-main-header-display":"","ast-hfb-above-header-display":"","ast-hfb-below-header-display":"","ast-hfb-mobile-header-display":"","site-post-title":"disabled","ast-breadcrumbs-content":"","ast-featured-img":"disabled","footer-sml-layout":"","theme-transparent-header-meta":"","adv-header-id-meta":"","stick-header-meta":"","header-above-stick-meta":"","header-main-stick-meta":"","header-below-stick-meta":"","astra-migrate-meta-layouts":"default","ast-page-background-enabled":"default","ast-page-background-meta":{"desktop":{"background-color":"var(--ast-global-color-4)","background-image":"","background-repeat":"repeat","background-position":"center center","background-size":"auto","background-attachment":"scroll","background-type":"","background-media":"","overlay-type":"","overlay-color":"","overlay-opacity":"","overlay-gradient":""},"tablet":{"background-color":"","background-image":"","background-repeat":"repeat","background-position":"center center","background-size":"auto","background-attachment":"scroll","background-type":"","background-media":"","overlay-type":"","overlay-color":"","overlay-opacity":"","overlay-gradient":""},"mobile":{"background-color":"","background-image":"","background-repeat":"repeat","background-position":"center center","background-size":"auto","background-attachment":"scroll","background-type":"","background-media":"","overlay-type":"","overlay-color":"","overlay-opacity":"","overlay-gradient":""}},"ast-content-background-meta":{"desktop":{"background-color":"var(--ast-global-color-5)","background-image":"","background-repeat":"repeat","background-position":"center center","background-size":"auto","background-attachment":"scroll","background-type":"","background-media":"","overlay-type":"","overlay-color":"","overlay-opacity":"","overlay-gradient":""},"tablet":{"background-color":"var(--ast-global-color-5)","background-image":"","background-repeat":"repeat","background-position":"center center","background-size":"auto","background-attachment":"scroll","background-type":"","background-media":"","overlay-type":"","overlay-color":"","overlay-opacity":"","overlay-gradient":""},"mobile":{"background-color":"var(--ast-global-color-5)","background-image":"","background-repeat":"repeat","background-position":"center center","background-size":"auto","background-attachment":"scroll","background-type":"","background-media":"","overlay-type":"","overlay-color":"","overlay-opacity":"","overlay-gradient":""}},"footnotes":""},"class_list":["post-41","page","type-page","status-publish","hentry"],"yoast_head":"<!-- This site is optimized with the Yoast SEO plugin v24.2 - https:\/\/yoast.com\/wordpress\/plugins\/seo\/ -->\n<title>Sophrologie - Sophrologie-Yoga Vannes<\/title>\n<meta name=\"description\" content=\"D\u00e9couvrez la sophrologie : relaxation dynamique et statique pour mieux respirer, apaiser le mental et renforcer votre quotidien.\" \/>\n<meta name=\"robots\" content=\"index, follow, max-snippet:-1, max-image-preview:large, max-video-preview:-1\" \/>\n<link rel=\"canonical\" href=\"https:\/\/sophrologie-yoga-vannes.fr\/index.php\/sophrologie\/\" \/>\n<meta property=\"og:locale\" content=\"en_US\" \/>\n<meta property=\"og:type\" content=\"article\" \/>\n<meta property=\"og:title\" content=\"Sophrologie - Sophrologie-Yoga Vannes\" \/>\n<meta property=\"og:description\" content=\"D\u00e9couvrez la sophrologie : relaxation dynamique et statique pour mieux respirer, apaiser le mental et renforcer votre quotidien.\" \/>\n<meta property=\"og:url\" content=\"https:\/\/sophrologie-yoga-vannes.fr\/index.php\/sophrologie\/\" \/>\n<meta property=\"og:site_name\" content=\"Sophrologie-Yoga Vannes\" \/>\n<meta property=\"article:modified_time\" content=\"2025-03-09T12:47:09+00:00\" \/>\n<meta property=\"og:image\" content=\"https:\/\/sophrologie-yoga-vannes.fr\/wp-content\/uploads\/2024\/12\/AdobeStock_974686787-scaled.jpeg\" \/>\n\t<meta property=\"og:image:width\" content=\"2560\" \/>\n\t<meta property=\"og:image:height\" content=\"1707\" \/>\n\t<meta property=\"og:image:type\" content=\"image\/jpeg\" \/>\n<meta name=\"twitter:card\" content=\"summary_large_image\" \/>\n<meta name=\"twitter:label1\" content=\"Est. reading time\" \/>\n\t<meta name=\"twitter:data1\" content=\"3 minutes\" \/>\n<script type=\"application\/ld+json\" class=\"yoast-schema-graph\">{\"@context\":\"https:\/\/schema.org\",\"@graph\":[{\"@type\":\"WebPage\",\"@id\":\"https:\/\/sophrologie-yoga-vannes.fr\/index.php\/sophrologie\/\",\"url\":\"https:\/\/sophrologie-yoga-vannes.fr\/index.php\/sophrologie\/\",\"name\":\"Sophrologie - Sophrologie-Yoga Vannes\",\"isPartOf\":{\"@id\":\"https:\/\/sophrologie-yoga-vannes.fr\/#website\"},\"primaryImageOfPage\":{\"@id\":\"https:\/\/sophrologie-yoga-vannes.fr\/index.php\/sophrologie\/#primaryimage\"},\"image\":{\"@id\":\"https:\/\/sophrologie-yoga-vannes.fr\/index.php\/sophrologie\/#primaryimage\"},\"thumbnailUrl\":\"http:\/\/sophrologie-yoga-vannes.fr\/wp-content\/uploads\/2024\/12\/AdobeStock_974686787-1024x683.jpeg\",\"datePublished\":\"2024-11-22T19:11:59+00:00\",\"dateModified\":\"2025-03-09T12:47:09+00:00\",\"description\":\"D\u00e9couvrez la sophrologie : relaxation dynamique et statique pour mieux respirer, apaiser le mental et renforcer votre quotidien.\",\"breadcrumb\":{\"@id\":\"https:\/\/sophrologie-yoga-vannes.fr\/index.php\/sophrologie\/#breadcrumb\"},\"inLanguage\":\"en-US\",\"potentialAction\":[{\"@type\":\"ReadAction\",\"target\":[\"https:\/\/sophrologie-yoga-vannes.fr\/index.php\/sophrologie\/\"]}]},{\"@type\":\"ImageObject\",\"inLanguage\":\"en-US\",\"@id\":\"https:\/\/sophrologie-yoga-vannes.fr\/index.php\/sophrologie\/#primaryimage\",\"url\":\"https:\/\/sophrologie-yoga-vannes.fr\/wp-content\/uploads\/2024\/12\/AdobeStock_974686787-scaled.jpeg\",\"contentUrl\":\"https:\/\/sophrologie-yoga-vannes.fr\/wp-content\/uploads\/2024\/12\/AdobeStock_974686787-scaled.jpeg\",\"width\":2560,\"height\":1707},{\"@type\":\"BreadcrumbList\",\"@id\":\"https:\/\/sophrologie-yoga-vannes.fr\/index.php\/sophrologie\/#breadcrumb\",\"itemListElement\":[{\"@type\":\"ListItem\",\"position\":1,\"name\":\"Accueil\",\"item\":\"https:\/\/sophrologie-yoga-vannes.fr\/\"},{\"@type\":\"ListItem\",\"position\":2,\"name\":\"Sophrologie\"}]},{\"@type\":\"WebSite\",\"@id\":\"https:\/\/sophrologie-yoga-vannes.fr\/#website\",\"url\":\"https:\/\/sophrologie-yoga-vannes.fr\/\",\"name\":\"sophrologie-yoga-vannes\",\"description\":\"Un site utilisant WordPress\",\"publisher\":{\"@id\":\"https:\/\/sophrologie-yoga-vannes.fr\/#\/schema\/person\/f55de37949b1becf1c1ac8b394e83fb1\"},\"potentialAction\":[{\"@type\":\"SearchAction\",\"target\":{\"@type\":\"EntryPoint\",\"urlTemplate\":\"https:\/\/sophrologie-yoga-vannes.fr\/?s={search_term_string}\"},\"query-input\":{\"@type\":\"PropertyValueSpecification\",\"valueRequired\":true,\"valueName\":\"search_term_string\"}}],\"inLanguage\":\"en-US\"},{\"@type\":[\"Person\",\"Organization\"],\"@id\":\"https:\/\/sophrologie-yoga-vannes.fr\/#\/schema\/person\/f55de37949b1becf1c1ac8b394e83fb1\",\"name\":\"Jean-Pierre\",\"image\":{\"@type\":\"ImageObject\",\"inLanguage\":\"en-US\",\"@id\":\"https:\/\/sophrologie-yoga-vannes.fr\/#\/schema\/person\/image\/\",\"url\":\"https:\/\/sophrologie-yoga-vannes.fr\/wp-content\/uploads\/2024\/11\/LOGO.png\",\"contentUrl\":\"https:\/\/sophrologie-yoga-vannes.fr\/wp-content\/uploads\/2024\/11\/LOGO.png\",\"width\":148,\"height\":148,\"caption\":\"Jean-Pierre\"},\"logo\":{\"@id\":\"https:\/\/sophrologie-yoga-vannes.fr\/#\/schema\/person\/image\/\"},\"sameAs\":[\"http:\/\/sophrologie-yoga-vannes.fr\"]}]}<\/script>\n<!-- \/ Yoast SEO plugin. -->","yoast_head_json":{"title":"Sophrologie - Sophrologie-Yoga Vannes","description":"D\u00e9couvrez la sophrologie : relaxation dynamique et statique pour mieux respirer, apaiser le mental et renforcer votre quotidien.","robots":{"index":"index","follow":"follow","max-snippet":"max-snippet:-1","max-image-preview":"max-image-preview:large","max-video-preview":"max-video-preview:-1"},"canonical":"https:\/\/sophrologie-yoga-vannes.fr\/index.php\/sophrologie\/","og_locale":"en_US","og_type":"article","og_title":"Sophrologie - Sophrologie-Yoga Vannes","og_description":"D\u00e9couvrez la sophrologie : relaxation dynamique et statique pour mieux respirer, apaiser le mental et renforcer votre quotidien.","og_url":"https:\/\/sophrologie-yoga-vannes.fr\/index.php\/sophrologie\/","og_site_name":"Sophrologie-Yoga Vannes","article_modified_time":"2025-03-09T12:47:09+00:00","og_image":[{"width":2560,"height":1707,"url":"https:\/\/sophrologie-yoga-vannes.fr\/wp-content\/uploads\/2024\/12\/AdobeStock_974686787-scaled.jpeg","type":"image\/jpeg"}],"twitter_card":"summary_large_image","twitter_misc":{"Est. reading time":"3 minutes"},"schema":{"@context":"https:\/\/schema.org","@graph":[{"@type":"WebPage","@id":"https:\/\/sophrologie-yoga-vannes.fr\/index.php\/sophrologie\/","url":"https:\/\/sophrologie-yoga-vannes.fr\/index.php\/sophrologie\/","name":"Sophrologie - Sophrologie-Yoga Vannes","isPartOf":{"@id":"https:\/\/sophrologie-yoga-vannes.fr\/#website"},"primaryImageOfPage":{"@id":"https:\/\/sophrologie-yoga-vannes.fr\/index.php\/sophrologie\/#primaryimage"},"image":{"@id":"https:\/\/sophrologie-yoga-vannes.fr\/index.php\/sophrologie\/#primaryimage"},"thumbnailUrl":"http:\/\/sophrologie-yoga-vannes.fr\/wp-content\/uploads\/2024\/12\/AdobeStock_974686787-1024x683.jpeg","datePublished":"2024-11-22T19:11:59+00:00","dateModified":"2025-03-09T12:47:09+00:00","description":"D\u00e9couvrez la sophrologie : relaxation dynamique et statique pour mieux respirer, apaiser le mental et renforcer votre quotidien.","breadcrumb":{"@id":"https:\/\/sophrologie-yoga-vannes.fr\/index.php\/sophrologie\/#breadcrumb"},"inLanguage":"en-US","potentialAction":[{"@type":"ReadAction","target":["https:\/\/sophrologie-yoga-vannes.fr\/index.php\/sophrologie\/"]}]},{"@type":"ImageObject","inLanguage":"en-US","@id":"https:\/\/sophrologie-yoga-vannes.fr\/index.php\/sophrologie\/#primaryimage","url":"https:\/\/sophrologie-yoga-vannes.fr\/wp-content\/uploads\/2024\/12\/AdobeStock_974686787-scaled.jpeg","contentUrl":"https:\/\/sophrologie-yoga-vannes.fr\/wp-content\/uploads\/2024\/12\/AdobeStock_974686787-scaled.jpeg","width":2560,"height":1707},{"@type":"BreadcrumbList","@id":"https:\/\/sophrologie-yoga-vannes.fr\/index.php\/sophrologie\/#breadcrumb","itemListElement":[{"@type":"ListItem","position":1,"name":"Accueil","item":"https:\/\/sophrologie-yoga-vannes.fr\/"},{"@type":"ListItem","position":2,"name":"Sophrologie"}]},{"@type":"WebSite","@id":"https:\/\/sophrologie-yoga-vannes.fr\/#website","url":"https:\/\/sophrologie-yoga-vannes.fr\/","name":"sophrologie-yoga-vannes","description":"Un site utilisant WordPress","publisher":{"@id":"https:\/\/sophrologie-yoga-vannes.fr\/#\/schema\/person\/f55de37949b1becf1c1ac8b394e83fb1"},"potentialAction":[{"@type":"SearchAction","target":{"@type":"EntryPoint","urlTemplate":"https:\/\/sophrologie-yoga-vannes.fr\/?s={search_term_string}"},"query-input":{"@type":"PropertyValueSpecification","valueRequired":true,"valueName":"search_term_string"}}],"inLanguage":"en-US"},{"@type":["Person","Organization"],"@id":"https:\/\/sophrologie-yoga-vannes.fr\/#\/schema\/person\/f55de37949b1becf1c1ac8b394e83fb1","name":"Jean-Pierre","image":{"@type":"ImageObject","inLanguage":"en-US","@id":"https:\/\/sophrologie-yoga-vannes.fr\/#\/schema\/person\/image\/","url":"https:\/\/sophrologie-yoga-vannes.fr\/wp-content\/uploads\/2024\/11\/LOGO.png","contentUrl":"https:\/\/sophrologie-yoga-vannes.fr\/wp-content\/uploads\/2024\/11\/LOGO.png","width":148,"height":148,"caption":"Jean-Pierre"},"logo":{"@id":"https:\/\/sophrologie-yoga-vannes.fr\/#\/schema\/person\/image\/"},"sameAs":["http:\/\/sophrologie-yoga-vannes.fr"]}]}},"_links":{"self":[{"href":"https:\/\/sophrologie-yoga-vannes.fr\/index.php\/wp-json\/wp\/v2\/pages\/41","targetHints":{"allow":["GET"]}}],"collection":[{"href":"https:\/\/sophrologie-yoga-vannes.fr\/index.php\/wp-json\/wp\/v2\/pages"}],"about":[{"href":"https:\/\/sophrologie-yoga-vannes.fr\/index.php\/wp-json\/wp\/v2\/types\/page"}],"author":[{"embeddable":true,"href":"https:\/\/sophrologie-yoga-vannes.fr\/index.php\/wp-json\/wp\/v2\/users\/1"}],"replies":[{"embeddable":true,"href":"https:\/\/sophrologie-yoga-vannes.fr\/index.php\/wp-json\/wp\/v2\/comments?post=41"}],"version-history":[{"count":47,"href":"https:\/\/sophrologie-yoga-vannes.fr\/index.php\/wp-json\/wp\/v2\/pages\/41\/revisions"}],"predecessor-version":[{"id":478,"href":"https:\/\/sophrologie-yoga-vannes.fr\/index.php\/wp-json\/wp\/v2\/pages\/41\/revisions\/478"}],"wp:attachment":[{"href":"https:\/\/sophrologie-yoga-vannes.fr\/index.php\/wp-json\/wp\/v2\/media?parent=41"}],"curies":[{"name":"wp","href":"https:\/\/api.w.org\/{rel}","templated":true}]}}